{"id":77,"date":"2020-06-05T09:31:02","date_gmt":"2020-06-05T07:31:02","guid":{"rendered":"https:\/\/stockholm49.qodeinteractive.com\/?page_id=77"},"modified":"2022-11-23T11:22:02","modified_gmt":"2022-11-23T10:22:02","slug":"sv_architecte","status":"publish","type":"page","link":"https:\/\/sv-architecte.be\/","title":{"rendered":"SV architecte"},"content":{"rendered":"\t\t<div data-elementor-type=\"wp-page\" data-elementor-id=\"77\" class=\"elementor elementor-77\">\n\t\t\t\t\t\t<section class=\"elementor-section elementor-top-section elementor-element elementor-element-5bbb607 elementor-section-boxed elementor-section-height-default elementor-section-height-default parallax_section_no qode_elementor_container_no qode-content-aligment-left\" data-id=\"5bbb607\" data-element_type=\"section\" data-e-type=\"section\">\n\t\t\t\t\t\t<div class=\"elementor-container elementor-column-gap-default\">\n\t\t\t\t\t<div class=\"elementor-column elementor-col-100 elementor-top-column elementor-element elementor-element-65c123c\" data-id=\"65c123c\" data-element_type=\"column\" data-e-type=\"column\">\n\t\t\t<div class=\"elementor-widget-wrap elementor-element-populated\">\n\t\t\t\t\t\t<div class=\"elementor-element elementor-element-53935f9 elementor-widget__width-initial elementor-fixed elementor-widget elementor-widget-heading\" data-id=\"53935f9\" data-element_type=\"widget\" data-e-type=\"widget\" data-settings=\"{&quot;_position&quot;:&quot;fixed&quot;}\" data-widget_type=\"heading.default\">\n\t\t\t\t<div class=\"elementor-widget-container\">\n\t\t\t\t\t<h2 class=\"elementor-heading-title elementor-size-small\">SV Architecte SRL \n369, bt7 Ch. d\u2019Alsemberg \nBE \u2013 1190 Bruxelles\n+32 (0)4 854 572 06<\/h2>\t\t\t\t<\/div>\n\t\t\t\t<\/div>\n\t\t\t\t\t<\/div>\n\t\t<\/div>\n\t\t\t\t\t<\/div>\n\t\t<\/section>\n\t\t\t\t<section class=\"elementor-section elementor-top-section elementor-element elementor-element-0faa341 elementor-section-boxed elementor-section-height-default elementor-section-height-default parallax_section_no qode_elementor_container_no qode-content-aligment-left\" data-id=\"0faa341\" data-element_type=\"section\" data-e-type=\"section\">\n\t\t\t\t\t\t<div class=\"elementor-container elementor-column-gap-default\">\n\t\t\t\t\t<div class=\"elementor-column elementor-col-100 elementor-top-column elementor-element elementor-element-2b62e26\" data-id=\"2b62e26\" data-element_type=\"column\" data-e-type=\"column\">\n\t\t\t<div class=\"elementor-widget-wrap elementor-element-populated\">\n\t\t\t\t\t\t<div class=\"elementor-element elementor-element-0e578fa elementor-fixed elementor-widget elementor-widget-heading\" data-id=\"0e578fa\" data-element_type=\"widget\" data-e-type=\"widget\" data-settings=\"{&quot;_position&quot;:&quot;fixed&quot;}\" data-widget_type=\"heading.default\">\n\t\t\t\t<div class=\"elementor-widget-container\">\n\t\t\t\t\t<h2 class=\"elementor-heading-title elementor-size-default\"><a href=\"mailto:info@sv-architecte.be\">info@sv-architecte.be<\/a><\/h2>\t\t\t\t<\/div>\n\t\t\t\t<\/div>\n\t\t\t\t\t<\/div>\n\t\t<\/div>\n\t\t\t\t\t<\/div>\n\t\t<\/section>\n\t\t\t\t<section class=\"elementor-section elementor-top-section elementor-element elementor-element-eee3aae elementor-section-boxed elementor-section-height-default elementor-section-height-default parallax_section_no qode_elementor_container_no qode-content-aligment-left\" data-id=\"eee3aae\" data-element_type=\"section\" data-e-type=\"section\">\n\t\t\t\t\t\t<div class=\"elementor-container elementor-column-gap-default\">\n\t\t\t\t\t<div class=\"elementor-column elementor-col-100 elementor-top-column elementor-element elementor-element-c38ea8c\" data-id=\"c38ea8c\" data-element_type=\"column\" data-e-type=\"column\">\n\t\t\t<div class=\"elementor-widget-wrap elementor-element-populated\">\n\t\t\t\t\t\t<div class=\"elementor-element elementor-element-84df486 elementor-fixed elementor-hidden-mobile elementor-widget elementor-widget-heading\" data-id=\"84df486\" data-element_type=\"widget\" data-e-type=\"widget\" data-settings=\"{&quot;_position&quot;:&quot;fixed&quot;}\" data-widget_type=\"heading.default\">\n\t\t\t\t<div class=\"elementor-widget-container\">\n\t\t\t\t\t<h2 class=\"elementor-heading-title elementor-size-default\">\u00a9SV Architecte SRL 2022<\/h2>\t\t\t\t<\/div>\n\t\t\t\t<\/div>\n\t\t\t\t\t<\/div>\n\t\t<\/div>\n\t\t\t\t\t<\/div>\n\t\t<\/section>\n\t\t\t\t<section class=\"elementor-section elementor-top-section elementor-element elementor-element-85396a2 elementor-section-boxed elementor-section-height-default elementor-section-height-default parallax_section_no qode_elementor_container_no qode-content-aligment-left\" data-id=\"85396a2\" data-element_type=\"section\" data-e-type=\"section\">\n\t\t\t\t\t\t<div class=\"elementor-container elementor-column-gap-default\">\n\t\t\t\t\t<div class=\"elementor-column elementor-col-100 elementor-top-column elementor-element elementor-element-8c4d50e\" data-id=\"8c4d50e\" data-element_type=\"column\" data-e-type=\"column\">\n\t\t\t<div class=\"elementor-widget-wrap elementor-element-populated\">\n\t\t\t\t\t\t<div class=\"elementor-element elementor-element-d258cde elementor-fixed elementor-widget elementor-widget-image\" data-id=\"d258cde\" data-element_type=\"widget\" data-e-type=\"widget\" data-settings=\"{&quot;_position&quot;:&quot;fixed&quot;}\" data-widget_type=\"image.default\">\n\t\t\t\t<div class=\"elementor-widget-container\">\n\t\t\t\t\t\t\t\t\t\t\t\t\t\t\t<img fetchpriority=\"high\" decoding=\"async\" width=\"300\" height=\"225\" src=\"https:\/\/sv-architecte.be\/wp-content\/uploads\/2022\/11\/sv_architecte_logo-e1669121585619-300x225.png\" class=\"attachment-medium size-medium wp-image-357\" alt=\"simon vanderhasten architecte\" srcset=\"https:\/\/sv-architecte.be\/wp-content\/uploads\/2022\/11\/sv_architecte_logo-e1669121585619-300x225.png 300w, https:\/\/sv-architecte.be\/wp-content\/uploads\/2022\/11\/sv_architecte_logo-e1669121585619-768x576.png 768w, https:\/\/sv-architecte.be\/wp-content\/uploads\/2022\/11\/sv_architecte_logo-e1669121585619.png 800w, https:\/\/sv-architecte.be\/wp-content\/uploads\/2022\/11\/sv_architecte_logo-e1669121585619-700x525.png 700w\" sizes=\"(max-width: 300px) 100vw, 300px\" \/>\t\t\t\t\t\t\t\t\t\t\t\t\t\t\t<\/div>\n\t\t\t\t<\/div>\n\t\t\t\t\t<\/div>\n\t\t<\/div>\n\t\t\t\t\t<\/div>\n\t\t<\/section>\n\t\t\t\t<\/div>\n\t\t","protected":false},"excerpt":{"rendered":"<p>SV Architecte SRL 369, bt7 Ch. d\u2019Alsemberg BE \u2013 1190 Bruxelles +32 (0)4 854 572 06 info@sv-architecte.be \u00a9SV Architecte SRL 2022<\/p>\n","protected":false},"author":1,"featured_media":0,"parent":0,"menu_order":0,"comment_status":"closed","ping_status":"closed","template":"landing.php","meta":{"footnotes":""},"class_list":["post-77","page","type-page","status-publish","hentry"],"yoast_head":"<!-- This site is optimized with the Yoast SEO plugin v27.4 - https:\/\/yoast.com\/product\/yoast-seo-wordpress\/ -->\n<title>SV Architecte - Simon Vanderhasten - Bruxelles<\/title>\n<meta name=\"description\" content=\"Architecte bas\u00e9 \u00e0 Bruxelles, sp\u00e9cialis\u00e9 en BIM managment et gestion de projets de 50 \u00e0 150.000m\u00b2\" \/>\n<meta name=\"robots\" content=\"index, follow, max-snippet:-1, max-image-preview:large, max-video-preview:-1\" \/>\n<link rel=\"canonical\" href=\"https:\/\/sv-architecte.be\/\" \/>\n<meta property=\"og:locale\" content=\"en_US\" \/>\n<meta property=\"og:type\" content=\"article\" \/>\n<meta property=\"og:title\" content=\"SV Architecte - Simon Vanderhasten - Bruxelles\" \/>\n<meta property=\"og:description\" content=\"Architecte bas\u00e9 \u00e0 Bruxelles, sp\u00e9cialis\u00e9 en BIM managment et gestion de projets de 50 \u00e0 150.000m\u00b2\" \/>\n<meta property=\"og:url\" content=\"https:\/\/sv-architecte.be\/\" \/>\n<meta property=\"og:site_name\" content=\"SV-Architecte\" \/>\n<meta property=\"article:modified_time\" content=\"2022-11-23T10:22:02+00:00\" \/>\n<meta property=\"og:image\" content=\"https:\/\/sv-architecte.be\/wp-content\/uploads\/2022\/11\/sv_architecte_logo-e1669121585619-300x225.png\" \/>\n<meta name=\"twitter:card\" content=\"summary_large_image\" \/>\n<meta name=\"twitter:label1\" content=\"Est. reading time\" \/>\n\t<meta name=\"twitter:data1\" content=\"1 minute\" \/>\n<script type=\"application\/ld+json\" class=\"yoast-schema-graph\">{\"@context\":\"https:\\\/\\\/schema.org\",\"@graph\":[{\"@type\":\"WebPage\",\"@id\":\"https:\\\/\\\/sv-architecte.be\\\/\",\"url\":\"https:\\\/\\\/sv-architecte.be\\\/\",\"name\":\"SV Architecte - Simon Vanderhasten - Bruxelles\",\"isPartOf\":{\"@id\":\"https:\\\/\\\/sv-architecte.be\\\/#website\"},\"primaryImageOfPage\":{\"@id\":\"https:\\\/\\\/sv-architecte.be\\\/#primaryimage\"},\"image\":{\"@id\":\"https:\\\/\\\/sv-architecte.be\\\/#primaryimage\"},\"thumbnailUrl\":\"https:\\\/\\\/sv-architecte.be\\\/wp-content\\\/uploads\\\/2022\\\/11\\\/sv_architecte_logo-e1669121585619-300x225.png\",\"datePublished\":\"2020-06-05T07:31:02+00:00\",\"dateModified\":\"2022-11-23T10:22:02+00:00\",\"description\":\"Architecte bas\u00e9 \u00e0 Bruxelles, sp\u00e9cialis\u00e9 en BIM managment et gestion de projets de 50 \u00e0 150.000m\u00b2\",\"breadcrumb\":{\"@id\":\"https:\\\/\\\/sv-architecte.be\\\/#breadcrumb\"},\"inLanguage\":\"en-US\",\"potentialAction\":[{\"@type\":\"ReadAction\",\"target\":[\"https:\\\/\\\/sv-architecte.be\\\/\"]}]},{\"@type\":\"ImageObject\",\"inLanguage\":\"en-US\",\"@id\":\"https:\\\/\\\/sv-architecte.be\\\/#primaryimage\",\"url\":\"https:\\\/\\\/sv-architecte.be\\\/wp-content\\\/uploads\\\/2022\\\/11\\\/sv_architecte_logo-e1669121585619.png\",\"contentUrl\":\"https:\\\/\\\/sv-architecte.be\\\/wp-content\\\/uploads\\\/2022\\\/11\\\/sv_architecte_logo-e1669121585619.png\",\"width\":800,\"height\":600,\"caption\":\"simon vanderhasten architecte\"},{\"@type\":\"BreadcrumbList\",\"@id\":\"https:\\\/\\\/sv-architecte.be\\\/#breadcrumb\",\"itemListElement\":[{\"@type\":\"ListItem\",\"position\":1,\"name\":\"Home\",\"item\":\"https:\\\/\\\/sv-architecte.be\\\/\"},{\"@type\":\"ListItem\",\"position\":2,\"name\":\"SV architecte\"}]},{\"@type\":\"WebSite\",\"@id\":\"https:\\\/\\\/sv-architecte.be\\\/#website\",\"url\":\"https:\\\/\\\/sv-architecte.be\\\/\",\"name\":\"SV-Architecte\",\"description\":\"Simon Vanderhasten Architecte\",\"publisher\":{\"@id\":\"https:\\\/\\\/sv-architecte.be\\\/#organization\"},\"alternateName\":\"Simon Vanderhasten architecte\",\"potentialAction\":[{\"@type\":\"SearchAction\",\"target\":{\"@type\":\"EntryPoint\",\"urlTemplate\":\"https:\\\/\\\/sv-architecte.be\\\/?s={search_term_string}\"},\"query-input\":{\"@type\":\"PropertyValueSpecification\",\"valueRequired\":true,\"valueName\":\"search_term_string\"}}],\"inLanguage\":\"en-US\"},{\"@type\":\"Organization\",\"@id\":\"https:\\\/\\\/sv-architecte.be\\\/#organization\",\"name\":\"SV-Architecte\",\"alternateName\":\"Simon Vanderhasten architecte\",\"url\":\"https:\\\/\\\/sv-architecte.be\\\/\",\"logo\":{\"@type\":\"ImageObject\",\"inLanguage\":\"en-US\",\"@id\":\"https:\\\/\\\/sv-architecte.be\\\/#\\\/schema\\\/logo\\\/image\\\/\",\"url\":\"https:\\\/\\\/sv-architecte.be\\\/wp-content\\\/uploads\\\/2022\\\/11\\\/logo_simon_vanderhasten_architecte_V1.png\",\"contentUrl\":\"https:\\\/\\\/sv-architecte.be\\\/wp-content\\\/uploads\\\/2022\\\/11\\\/logo_simon_vanderhasten_architecte_V1.png\",\"width\":800,\"height\":600,\"caption\":\"SV-Architecte\"},\"image\":{\"@id\":\"https:\\\/\\\/sv-architecte.be\\\/#\\\/schema\\\/logo\\\/image\\\/\"}}]}<\/script>\n<!-- \/ Yoast SEO plugin. -->","yoast_head_json":{"title":"SV Architecte - Simon Vanderhasten - Bruxelles","description":"Architecte bas\u00e9 \u00e0 Bruxelles, sp\u00e9cialis\u00e9 en BIM managment et gestion de projets de 50 \u00e0 150.000m\u00b2","robots":{"index":"index","follow":"follow","max-snippet":"max-snippet:-1","max-image-preview":"max-image-preview:large","max-video-preview":"max-video-preview:-1"},"canonical":"https:\/\/sv-architecte.be\/","og_locale":"en_US","og_type":"article","og_title":"SV Architecte - Simon Vanderhasten - Bruxelles","og_description":"Architecte bas\u00e9 \u00e0 Bruxelles, sp\u00e9cialis\u00e9 en BIM managment et gestion de projets de 50 \u00e0 150.000m\u00b2","og_url":"https:\/\/sv-architecte.be\/","og_site_name":"SV-Architecte","article_modified_time":"2022-11-23T10:22:02+00:00","og_image":[{"url":"https:\/\/sv-architecte.be\/wp-content\/uploads\/2022\/11\/sv_architecte_logo-e1669121585619-300x225.png","type":"","width":"","height":""}],"twitter_card":"summary_large_image","twitter_misc":{"Est. reading time":"1 minute"},"schema":{"@context":"https:\/\/schema.org","@graph":[{"@type":"WebPage","@id":"https:\/\/sv-architecte.be\/","url":"https:\/\/sv-architecte.be\/","name":"SV Architecte - Simon Vanderhasten - Bruxelles","isPartOf":{"@id":"https:\/\/sv-architecte.be\/#website"},"primaryImageOfPage":{"@id":"https:\/\/sv-architecte.be\/#primaryimage"},"image":{"@id":"https:\/\/sv-architecte.be\/#primaryimage"},"thumbnailUrl":"https:\/\/sv-architecte.be\/wp-content\/uploads\/2022\/11\/sv_architecte_logo-e1669121585619-300x225.png","datePublished":"2020-06-05T07:31:02+00:00","dateModified":"2022-11-23T10:22:02+00:00","description":"Architecte bas\u00e9 \u00e0 Bruxelles, sp\u00e9cialis\u00e9 en BIM managment et gestion de projets de 50 \u00e0 150.000m\u00b2","breadcrumb":{"@id":"https:\/\/sv-architecte.be\/#breadcrumb"},"inLanguage":"en-US","potentialAction":[{"@type":"ReadAction","target":["https:\/\/sv-architecte.be\/"]}]},{"@type":"ImageObject","inLanguage":"en-US","@id":"https:\/\/sv-architecte.be\/#primaryimage","url":"https:\/\/sv-architecte.be\/wp-content\/uploads\/2022\/11\/sv_architecte_logo-e1669121585619.png","contentUrl":"https:\/\/sv-architecte.be\/wp-content\/uploads\/2022\/11\/sv_architecte_logo-e1669121585619.png","width":800,"height":600,"caption":"simon vanderhasten architecte"},{"@type":"BreadcrumbList","@id":"https:\/\/sv-architecte.be\/#breadcrumb","itemListElement":[{"@type":"ListItem","position":1,"name":"Home","item":"https:\/\/sv-architecte.be\/"},{"@type":"ListItem","position":2,"name":"SV architecte"}]},{"@type":"WebSite","@id":"https:\/\/sv-architecte.be\/#website","url":"https:\/\/sv-architecte.be\/","name":"SV-Architecte","description":"Simon Vanderhasten Architecte","publisher":{"@id":"https:\/\/sv-architecte.be\/#organization"},"alternateName":"Simon Vanderhasten architecte","potentialAction":[{"@type":"SearchAction","target":{"@type":"EntryPoint","urlTemplate":"https:\/\/sv-architecte.be\/?s={search_term_string}"},"query-input":{"@type":"PropertyValueSpecification","valueRequired":true,"valueName":"search_term_string"}}],"inLanguage":"en-US"},{"@type":"Organization","@id":"https:\/\/sv-architecte.be\/#organization","name":"SV-Architecte","alternateName":"Simon Vanderhasten architecte","url":"https:\/\/sv-architecte.be\/","logo":{"@type":"ImageObject","inLanguage":"en-US","@id":"https:\/\/sv-architecte.be\/#\/schema\/logo\/image\/","url":"https:\/\/sv-architecte.be\/wp-content\/uploads\/2022\/11\/logo_simon_vanderhasten_architecte_V1.png","contentUrl":"https:\/\/sv-architecte.be\/wp-content\/uploads\/2022\/11\/logo_simon_vanderhasten_architecte_V1.png","width":800,"height":600,"caption":"SV-Architecte"},"image":{"@id":"https:\/\/sv-architecte.be\/#\/schema\/logo\/image\/"}}]}},"_links":{"self":[{"href":"https:\/\/sv-architecte.be\/index.php\/wp-json\/wp\/v2\/pages\/77","targetHints":{"allow":["GET"]}}],"collection":[{"href":"https:\/\/sv-architecte.be\/index.php\/wp-json\/wp\/v2\/pages"}],"about":[{"href":"https:\/\/sv-architecte.be\/index.php\/wp-json\/wp\/v2\/types\/page"}],"author":[{"embeddable":true,"href":"https:\/\/sv-architecte.be\/index.php\/wp-json\/wp\/v2\/users\/1"}],"replies":[{"embeddable":true,"href":"https:\/\/sv-architecte.be\/index.php\/wp-json\/wp\/v2\/comments?post=77"}],"version-history":[{"count":76,"href":"https:\/\/sv-architecte.be\/index.php\/wp-json\/wp\/v2\/pages\/77\/revisions"}],"predecessor-version":[{"id":453,"href":"https:\/\/sv-architecte.be\/index.php\/wp-json\/wp\/v2\/pages\/77\/revisions\/453"}],"wp:attachment":[{"href":"https:\/\/sv-architecte.be\/index.php\/wp-json\/wp\/v2\/media?parent=77"}],"curies":[{"name":"wp","href":"https:\/\/api.w.org\/{rel}","templated":true}]}}